{"id":171,"date":"2024-03-27T10:11:45","date_gmt":"2024-03-27T09:11:45","guid":{"rendered":"https:\/\/catedraenfermedadesinfecciosas.umh.es\/?page_id=171"},"modified":"2024-05-03T10:57:45","modified_gmt":"2024-05-03T08:57:45","slug":"master-infecciosas-umh-micosis-endemicas-dra-ferreira-sao-paulo","status":"publish","type":"page","link":"https:\/\/catedraenfermedadesinfecciosas.umh.es\/en\/acciones-de-la-catedra\/conferencias\/master-infecciosas-umh-micosis-endemicas-dra-ferreira-sao-paulo\/","title":{"rendered":"<span lang=\"es\">(Espa\u00f1ol) &#8221;Micosis end\u00e9micas&#8221;<\/span>"},"content":{"rendered":"<p>[et_pb_section fb_built=&#8221;1&#8243; _builder_version=&#8221;4.17.4&#8243; _module_preset=&#8221;default&#8221; background_image=&#8221;https:\/\/catedraenfermedadesinfecciosas.umh.es\/files\/2024\/04\/virus3.png&#8221; global_colors_info=&#8221;{}&#8221; theme_builder_area=&#8221;post_content&#8221;][et_pb_row _builder_version=&#8221;4.17.4&#8243; _module_preset=&#8221;default&#8221; global_colors_info=&#8221;{}&#8221; theme_builder_area=&#8221;post_content&#8221;][et_pb_column type=&#8221;4_4&#8243; _builder_version=&#8221;4.17.4&#8243; _module_preset=&#8221;default&#8221; global_colors_info=&#8221;{}&#8221; theme_builder_area=&#8221;post_content&#8221;][et_pb_text _builder_version=&#8221;4.17.4&#8243; _module_preset=&#8221;default&#8221; text_font=&#8221;|700|||||||&#8221; text_text_color=&#8221;#FFFFFF&#8221; text_font_size=&#8221;42px&#8221; text_text_shadow_style=&#8221;preset5&#8243; text_text_shadow_blur_strength=&#8221;1.46em&#8221; text_text_shadow_color=&#8221;#000000&#8243; global_colors_info=&#8221;{}&#8221; theme_builder_area=&#8221;post_content&#8221;]<\/p>\n<p style=\"text-align: center\">C\u00e1tedra de Enfermedades Infecciosas<\/p>\n<p>[\/et_pb_text][\/et_pb_column][\/et_pb_row][\/et_pb_section][et_pb_section fb_built=&#8221;1&#8243; _builder_version=&#8221;4.16&#8243; global_colors_info=&#8221;{}&#8221;][et_pb_row _builder_version=&#8221;4.16&#8243; background_size=&#8221;initial&#8221; background_position=&#8221;top_left&#8221; background_repeat=&#8221;repeat&#8221; global_colors_info=&#8221;{}&#8221;][et_pb_column type=&#8221;4_4&#8243; _builder_version=&#8221;4.16&#8243; custom_padding=&#8221;|||&#8221; global_colors_info=&#8221;{}&#8221; custom_padding__hover=&#8221;|||&#8221;][et_pb_text _builder_version=&#8221;4.16&#8243; background_size=&#8221;initial&#8221; background_position=&#8221;top_left&#8221; background_repeat=&#8221;repeat&#8221; global_colors_info=&#8221;{}&#8221;]<\/p>\n<p style=\"text-align: justify\">En esta excelente presentaci\u00f3n la Dra. Ferreira, procedente de Sao Paulo (Brasil) y especialista en Enfermedades Infecciosas, nos detalla, desde una zona con alta incidencia de estos procesos, la epidemiologia, el diagnostico y el manejo de diferentes micosis end\u00e9micas como la histoplasmosis, la paracoccidiomicosis y la esporotricosis.<\/p>\n<p style=\"text-align: justify\">En su presentaci\u00f3n nos avisa de como la histoplasmosis, en su medio, representa un mayor n\u00famero de casos que incluso la propia tuberculosis, en pacientes con infecci\u00f3n VIH con linfocitos CD4 por debajo de 50 cels\/mcL. La paracoccidiomicosis sigue teniendo un alto nivel de infradiagnostico debido en parte a su largo periodo de incubaci\u00f3n y la baja sospecha diagnostica en nuestro m\u00e9dio. Indica que, al tener formas de presentaci\u00f3n cl\u00ednico-radiol\u00f3gicas similares a la tuberculosis, debe incluirse en el diagnostico diferencial cuando \u00e9sta, la tuberculosis, se sospecha en pacientes procedentes de \u00e1reas end\u00e9micas, incluso cuando hayan pasado a\u00f1os o d\u00e9cadas tras abandonar el \u00e1rea.<\/p>\n<p>La sesi\u00f3n fue impartida dentro del <a href=\"https:\/\/masterinfecciosas.umh.es\/\">M\u00e1ster de Enfermedades Infecciosas y Salud Internacional de la UMH<\/a><\/p>\n\n<!-- iframe plugin v.4.5 wordpress.org\/plugins\/iframe\/ -->\n<iframe loading=\"lazy\" src=\"https:\/\/drive.google.com\/file\/d\/1b-wA5rG5mI-VjsGlM-bFXuTKJ6q2plht\/preview\" width=\"100%\" height=\"500\" scrolling=\"yes\" class=\"iframe-class\" frameborder=\"0\"><\/iframe>\n\n<p>&nbsp;<br \/>\n[\/et_pb_text][\/et_pb_column][\/et_pb_row][\/et_pb_section][et_pb_section fb_built=&#8221;1&#8243; theme_builder_area=&#8221;post_content&#8221; _builder_version=&#8221;4.17.4&#8243; _module_preset=&#8221;default&#8221; disabled_on=&#8221;on|on|on&#8221; disabled=&#8221;on&#8221;][et_pb_row _builder_version=&#8221;4.17.4&#8243; _module_preset=&#8221;default&#8221; theme_builder_area=&#8221;post_content&#8221;][et_pb_column _builder_version=&#8221;4.17.4&#8243; _module_preset=&#8221;default&#8221; theme_builder_area=&#8221;post_content&#8221;][:es _i=&#8221;0&#8243; _address=&#8221;0&#8243; theme_builder_area=&#8221;post_content&#8221; \/][: _i=&#8221;2&#8243; _address=&#8221;2&#8243; theme_builder_area=&#8221;post_content&#8221; \/][\/et_pb_column][\/et_pb_row][\/et_pb_section]<\/p>\n","protected":false},"excerpt":{"rendered":"<p>C\u00e1tedra de Enfermedades InfecciosasEn esta excelente presentaci\u00f3n la Dra. Ferreira, procedente de Sao Paulo (Brasil) y especialista en Enfermedades Infecciosas, nos detalla, desde una zona con alta incidencia de estos procesos, la epidemiologia, el diagnostico y el manejo de diferentes micosis end\u00e9micas como la histoplasmosis, la paracoccidiomicosis y la esporotricosis. En su presentaci\u00f3n nos avisa [&hellip;]<\/p>\n","protected":false},"author":26230,"featured_media":0,"parent":168,"menu_order":900,"comment_status":"closed","ping_status":"closed","template":"","meta":{"_et_pb_use_builder":"on","_et_pb_old_content":"<p style=\"text-align: justify;\">En esta excelente presentaci\u00f3n la Dra. Ferreira, procedente de Sao Paulo (Brasil) y especialista en Enfermedades Infecciosas, nos detalla, desde una zona con alta incidencia de estos procesos, la epidemiologia, el diagnostico y el manejo de diferentes micosis end\u00e9micas como la histoplasmosis, la paracoccidiomicosis y la esporotricosis.<\/p><p style=\"text-align: justify;\">En su presentaci\u00f3n nos avisa de como la histoplasmosis, en su medio, representa un mayor n\u00famero de casos que incluso la propia tuberculosis, en pacientes con infecci\u00f3n VIH con linfocitos CD4 por debajo de 50 cels\/mcL. La paracoccidiomicosis sigue teniendo un alto nivel de infradiagnostico debido en parte a su largo periodo de incubaci\u00f3n y la baja sospecha diagnostica en nuestro m\u00e9dio. Indica que, al tener formas de presentaci\u00f3n cl\u00ednico-radiol\u00f3gicas similares a la tuberculosis, debe incluirse en el diagnostico diferencial cuando \u00e9sta, la tuberculosis, se sospecha en pacientes procedentes de \u00e1reas end\u00e9micas, incluso cuando hayan pasado a\u00f1os o d\u00e9cadas tras abandonar el \u00e1rea.<\/p><p>La sesi\u00f3n fue impartida dentro del <a href=\"https:\/\/masterinfecciosas.umh.es\/\">M\u00e1ster de Enfermedades Infecciosas y Salud Internacional de la UMH<\/a><\/p><p>[iframe src=\"https:\/\/drive.google.com\/file\/d\/1b-wA5rG5mI-VjsGlM-bFXuTKJ6q2plht\/preview\" width=\"100%\" height=\"500\"]<\/p><p>\u00a0<\/p>","_et_gb_content_width":"","_links_to":"","_links_to_target":""},"_links":{"self":[{"href":"https:\/\/catedraenfermedadesinfecciosas.umh.es\/en\/wp-json\/wp\/v2\/pages\/171"}],"collection":[{"href":"https:\/\/catedraenfermedadesinfecciosas.umh.es\/en\/wp-json\/wp\/v2\/pages"}],"about":[{"href":"https:\/\/catedraenfermedadesinfecciosas.umh.es\/en\/wp-json\/wp\/v2\/types\/page"}],"author":[{"embeddable":true,"href":"https:\/\/catedraenfermedadesinfecciosas.umh.es\/en\/wp-json\/wp\/v2\/users\/26230"}],"replies":[{"embeddable":true,"href":"https:\/\/catedraenfermedadesinfecciosas.umh.es\/en\/wp-json\/wp\/v2\/comments?post=171"}],"version-history":[{"count":0,"href":"https:\/\/catedraenfermedadesinfecciosas.umh.es\/en\/wp-json\/wp\/v2\/pages\/171\/revisions"}],"up":[{"embeddable":true,"href":"https:\/\/catedraenfermedadesinfecciosas.umh.es\/en\/wp-json\/wp\/v2\/pages\/168"}],"wp:attachment":[{"href":"https:\/\/catedraenfermedadesinfecciosas.umh.es\/en\/wp-json\/wp\/v2\/media?parent=171"}],"curies":[{"name":"wp","href":"https:\/\/api.w.org\/{rel}","templated":true}]}}